{"id":389,"date":"2025-04-17T15:19:13","date_gmt":"2025-04-17T13:19:13","guid":{"rendered":"https:\/\/eccleblog.apsh34.org\/?page_id=389"},"modified":"2025-04-18T09:55:25","modified_gmt":"2025-04-18T07:55:25","slug":"qui-sommes-nous","status":"publish","type":"page","link":"https:\/\/eccleblog.apsh34.org\/index.php\/qui-sommes-nous\/","title":{"rendered":"Qui sommes-nous ?"},"content":{"rendered":"\n<div class=\"wp-block-group alignfull has-ti-fg-color has-ti-bg-alt-background-color has-text-color has-background has-link-color wp-elements-10393180c9eb911be0ac10e371951e15 is-layout-constrained wp-container-core-group-is-layout-a7e69c77 wp-block-group-is-layout-constrained\" style=\"margin-top:0;margin-bottom:0;padding-top:var(--wp--preset--spacing--80);padding-right:var(--wp--preset--spacing--40);padding-bottom:var(--wp--preset--spacing--80);padding-left:var(--wp--preset--spacing--40)\">\n<div class=\"wp-block-columns is-layout-flex wp-container-core-columns-is-layout-28f84493 wp-block-columns-is-layout-flex\">\n<div class=\"wp-block-column is-layout-flow wp-block-column-is-layout-flow\" style=\"flex-basis:100%\">\n<figure class=\"wp-block-image size-full has-custom-border\" style=\"margin-top:0px;margin-right:0px;margin-bottom:0px;margin-left:0px\"><img decoding=\"async\" src=\"https:\/\/eccleblog.apsh34.org\/wp-content\/uploads\/2025\/01\/illustration-ecc-6-2-1.jpg\" alt=\"\" class=\"wp-image-180\" style=\"border-left-color:var(--wp--preset--color--ti-accent);border-left-width:16px\"\/><\/figure>\n<\/div>\n\n\n\n<div class=\"wp-block-column is-vertically-aligned-center is-layout-flow wp-block-column-is-layout-flow\" style=\"flex-basis:100%\">\n<h2 class=\"wp-block-heading\">L&rsquo;Espace Camille Claudel<\/h2>\n\n\n\n<p>Au centre du d\u00e9partement, se trouve le Territoire du Coeur d&rsquo;H\u00e9rault, riche de ses ressources naturelles et de son patrimoine historique, ce territoire offre une belle qualit\u00e9 de vie. <\/p>\n<\/div>\n<\/div>\n<\/div>\n\n\n\n<div class=\"wp-block-group alignfull is-layout-flow wp-block-group-is-layout-flow\" style=\"margin-top:0;margin-bottom:0;padding-right:0;padding-left:0\">\n<div class=\"wp-block-columns alignwide is-layout-flex wp-container-core-columns-is-layout-dd4aaecb wp-block-columns-is-layout-flex\" style=\"margin-top:0;margin-bottom:0;padding-top:0;padding-right:0;padding-bottom:0;padding-left:0\">\n<div class=\"wp-block-column has-ti-fg-alt-color has-ti-bg-inv-background-color has-text-color has-background has-link-color wp-elements-dd5c72211d922d680dfe0827c208cb93 is-layout-constrained wp-container-core-column-is-layout-413d3890 wp-block-column-is-layout-constrained\" style=\"padding-top:var(--wp--preset--spacing--70);padding-right:var(--wp--preset--spacing--50);padding-bottom:var(--wp--preset--spacing--70);padding-left:var(--wp--preset--spacing--50)\">\n<h3 class=\"wp-block-heading has-text-align-left\">Maison d&rsquo;accueil sp\u00e9cialis\u00e9e Camille Claudel<\/h3>\n\n\n\n<p class=\"has-text-align-left\">La MAS Camille Claudel a pour mission d&rsquo;accompagner des adultes en situation de handicap ayant besoin d&rsquo;une aide humaine et technique permanente, proche et individualis\u00e9e. <\/p>\n\n\n\n<p><a href=\"https:\/\/www.apsh34.org\/%C3%89tablissements-et-services\/Territoires\/C%C5%93ur-dH%C3%A9rault\/%C3%89tablissements-et-services\/Maison-dAccueil-Sp%C3%A9cialis%C3%A9e-Camille-Claudel\">En savoir plus<\/a><\/p>\n<\/div>\n\n\n\n<div class=\"wp-block-column has-ti-fg-alt-color has-ti-accent-background-color has-text-color has-background has-link-color wp-elements-bcd1fc09b35b90fd44ad0a2714652e8a is-layout-flow wp-container-core-column-is-layout-f823dbeb wp-block-column-is-layout-flow\" style=\"padding-top:var(--wp--preset--spacing--70);padding-right:var(--wp--preset--spacing--50);padding-bottom:var(--wp--preset--spacing--70);padding-left:var(--wp--preset--spacing--50)\">\n<h3 class=\"wp-block-heading has-text-align-left\"><mark style=\"background-color:rgba(0, 0, 0, 0)\" class=\"has-inline-color has-ti-bg-color\">EANM \u2022 Foyer de vie Camille Claudel<\/mark><\/h3>\n\n\n\n<p class=\"has-text-align-left\"><mark style=\"background-color:rgba(0, 0, 0, 0)\" class=\"has-inline-color has-ti-bg-color\">L&rsquo;EANM Foyer de Vie Camille Claudel accueille des adultes en situation de handicap de 20 \u00e0 65 ans. Un accompagnement quotidien est assur\u00e9 avec la participation de chacun des r\u00e9sidents afin de maintenir une dynamique collective et individuelle par la mise en place d&rsquo;activit\u00e9s.<\/mark><\/p>\n\n\n\n<p><a href=\"https:\/\/www.apsh34.org\/%C3%89tablissements-et-services\/Territoires\/C%C5%93ur-dH%C3%A9rault\/%C3%89tablissements-et-services\/Foyer-de-Vie\"><mark style=\"background-color:rgba(0, 0, 0, 0)\" class=\"has-inline-color has-ti-fg-alt-color\">En savoir plus<\/mark><\/a><\/p>\n<\/div>\n\n\n\n<div class=\"wp-block-column has-ti-fg-color has-text-color has-background has-link-color wp-elements-73df1ee76e00ea9e200350f8bb576eee is-layout-flow wp-container-core-column-is-layout-f823dbeb wp-block-column-is-layout-flow\" style=\"background-color:#42ace2;padding-top:var(--wp--preset--spacing--70);padding-right:var(--wp--preset--spacing--50);padding-bottom:var(--wp--preset--spacing--70);padding-left:var(--wp--preset--spacing--50)\">\n<h3 class=\"wp-block-heading has-text-align-left\"><mark style=\"background-color:rgba(0, 0, 0, 0)\" class=\"has-inline-color has-ti-bg-color\">SAMSAH TSA<\/mark><\/h3>\n\n\n\n<p class=\"has-text-align-left\"><mark style=\"background-color:rgba(0, 0, 0, 0)\" class=\"has-inline-color has-ti-bg-color\">Le SAMSAH TSA, d\u00e9ploie ses activit\u00e9s \u00e0 partir de la plateforme d&rsquo;\u00e9tablissements et services, implant\u00e9e \u00e0 Clermont l&rsquo;H\u00e9rault. <\/mark><\/p>\n\n\n\n<p><mark style=\"background-color:rgba(0, 0, 0, 0)\" class=\"has-inline-color has-ti-bg-color\">Il b\u00e9n\u00e9ficie d&rsquo;une exp\u00e9rience forte suppl\u00e9mentaire concernant le Trouble du Spectre autistique par le biais de l&rsquo;unit\u00e9 TSA de la MAS et de l&rsquo;unit\u00e9 d&rsquo;\u00e9valuation d\u00e9di\u00e9es aux personnes en rupture ou risque de rupture de parcours. <\/mark><\/p>\n\n\n\n<p class=\"has-ti-bg-color has-text-color has-link-color wp-elements-4f726b4aeaaef3f529a81f18d9bb8327\"><a href=\"https:\/\/www.apsh34.org\/%C3%89tablissements-et-services\/Comp%C3%A9tences-transversales\/SAMSAH-TSA\"><mark style=\"background-color:rgba(0, 0, 0, 0);color:#ffffff\" class=\"has-inline-color\">En savoir plus<\/mark><\/a><\/p>\n<\/div>\n<\/div>\n<\/div>\n\n\n\n<div class=\"wp-block-group alignfull has-ti-fg-color has-ti-bg-background-color has-text-color has-background has-link-color wp-elements-43471f370ec1e0b45073e6b7a1d1801e is-layout-constrained wp-container-core-group-is-layout-a7e69c77 wp-block-group-is-layout-constrained\" style=\"margin-top:0;margin-bottom:0;padding-top:var(--wp--preset--spacing--80);padding-right:var(--wp--preset--spacing--40);padding-bottom:var(--wp--preset--spacing--80);padding-left:var(--wp--preset--spacing--40)\">\n<div class=\"wp-block-columns is-layout-flex wp-container-core-columns-is-layout-28f84493 wp-block-columns-is-layout-flex\">\n<div class=\"wp-block-column is-vertically-aligned-center is-layout-flow wp-block-column-is-layout-flow\" style=\"flex-basis:100%\">\n<h2 class=\"wp-block-heading\">L&rsquo;APSH34<\/h2>\n\n\n\n<p>L&rsquo;Espace Camille Claudel est g\u00e9r\u00e9 par l&rsquo;APSH34, Entreprise de l&rsquo;Economie Sociale et Solidaire, personne morale de statut priv\u00e9, la\u00efque, d&rsquo;int\u00e9r\u00eat g\u00e9n\u00e9ral et d&rsquo;utilit\u00e9 sociale, cr\u00e9\u00e9e le 31 janvier 1973. <\/p>\n\n\n\n<div class=\"wp-block-buttons is-content-justification-left is-layout-flex wp-container-core-buttons-is-layout-fc4fd283 wp-block-buttons-is-layout-flex\">\n<div class=\"wp-block-button\"><a class=\"wp-block-button__link has-background wp-element-button\" href=\"https:\/\/www.apsh34.org\/\" style=\"border-style:none;border-width:0px;background-color:#ea8e07\">Site internet<\/a><\/div>\n\n\n\n<div class=\"wp-block-button is-style-fill\"><a class=\"wp-block-button__link has-ti-bg-color has-text-color has-background has-link-color wp-element-button\" href=\"https:\/\/www.helloasso.com\/associations\/apsh34\/formulaires\/4\" style=\"border-style:none;border-width:0px;background-color:#cd1719\">Nous soutenir<\/a><\/div>\n<\/div>\n<\/div>\n\n\n\n<div class=\"wp-block-column is-layout-flow wp-block-column-is-layout-flow\" style=\"flex-basis:100%\">\n<figure class=\"wp-block-image size-full has-custom-border\" style=\"margin-top:0px;margin-right:0px;margin-bottom:0px;margin-left:0px\"><img loading=\"lazy\" decoding=\"async\" width=\"2560\" height=\"1714\" src=\"https:\/\/eccleblog.apsh34.org\/wp-content\/uploads\/2025\/01\/dsc0412-1-scaled.jpg\" alt=\"\" class=\"wp-image-207\" style=\"border-right-color:var(--wp--preset--color--ti-accent);border-right-width:16px;border-left-style:none;border-left-width:0px\" srcset=\"https:\/\/eccleblog.apsh34.org\/wp-content\/uploads\/2025\/01\/dsc0412-1-scaled.jpg 2560w, https:\/\/eccleblog.apsh34.org\/wp-content\/uploads\/2025\/01\/dsc0412-1-300x201.jpg 300w, https:\/\/eccleblog.apsh34.org\/wp-content\/uploads\/2025\/01\/dsc0412-1-1024x685.jpg 1024w, https:\/\/eccleblog.apsh34.org\/wp-content\/uploads\/2025\/01\/dsc0412-1-768x514.jpg 768w, https:\/\/eccleblog.apsh34.org\/wp-content\/uploads\/2025\/01\/dsc0412-1-1536x1028.jpg 1536w, https:\/\/eccleblog.apsh34.org\/wp-content\/uploads\/2025\/01\/dsc0412-1-2048x1371.jpg 2048w\" sizes=\"auto, (max-width: 2560px) 100vw, 2560px\" \/><\/figure>\n<\/div>\n<\/div>\n<\/div>\n","protected":false},"excerpt":{"rendered":"<p>L&rsquo;Espace Camille Claudel Au centre du d\u00e9partement, se trouve le Territoire du Coeur d&rsquo;H\u00e9rault, riche de ses ressources naturelles et de son patrimoine historique, ce territoire offre une belle qualit\u00e9 [&hellip;]<\/p>\n","protected":false},"author":1,"featured_media":0,"parent":0,"menu_order":0,"comment_status":"closed","ping_status":"closed","template":"","meta":{"_EventAllDay":false,"_EventTimezone":"","_EventStartDate":"","_EventEndDate":"","_EventStartDateUTC":"","_EventEndDateUTC":"","_EventShowMap":false,"_EventShowMapLink":false,"_EventURL":"","_EventCost":"","_EventCostDescription":"","_EventCurrencySymbol":"","_EventCurrencyCode":"","_EventCurrencyPosition":"","_EventDateTimeSeparator":"","_EventTimeRangeSeparator":"","_EventOrganizerID":[],"_EventVenueID":[],"_OrganizerEmail":"","_OrganizerPhone":"","_OrganizerWebsite":"","_VenueAddress":"","_VenueCity":"","_VenueCountry":"","_VenueProvince":"","_VenueState":"","_VenueZip":"","_VenuePhone":"","_VenueURL":"","_VenueStateProvince":"","_VenueLat":"","_VenueLng":"","_VenueShowMap":false,"_VenueShowMapLink":false,"_starter_page_template":"","_wpcom_template_layout_category":[],"footnotes":""},"class_list":["post-389","page","type-page","status-publish","hentry"],"yoast_head":"<!-- This site is optimized with the Yoast SEO plugin v25.0 - https:\/\/yoast.com\/wordpress\/plugins\/seo\/ -->\n<title>Qui sommes-nous ? - Blog du foyer de vie Camille Claudel<\/title>\n<meta name=\"robots\" content=\"index, follow, max-snippet:-1, max-image-preview:large, max-video-preview:-1\" \/>\n<link rel=\"canonical\" href=\"https:\/\/eccleblog.apsh34.org\/index.php\/qui-sommes-nous\/\" \/>\n<meta property=\"og:locale\" content=\"fr_FR\" \/>\n<meta property=\"og:type\" content=\"article\" \/>\n<meta property=\"og:title\" content=\"Qui sommes-nous ? - Blog du foyer de vie Camille Claudel\" \/>\n<meta property=\"og:description\" content=\"L&rsquo;Espace Camille Claudel Au centre du d\u00e9partement, se trouve le Territoire du Coeur d&rsquo;H\u00e9rault, riche de ses ressources naturelles et de son patrimoine historique, ce territoire offre une belle qualit\u00e9 [&hellip;]\" \/>\n<meta property=\"og:url\" content=\"https:\/\/eccleblog.apsh34.org\/index.php\/qui-sommes-nous\/\" \/>\n<meta property=\"og:site_name\" content=\"Blog du foyer de vie Camille Claudel\" \/>\n<meta property=\"article:publisher\" content=\"https:\/\/www.facebook.com\/apsh34\" \/>\n<meta property=\"article:modified_time\" content=\"2025-04-18T07:55:25+00:00\" \/>\n<meta property=\"og:image\" content=\"https:\/\/eccleblog.apsh34.org\/wp-content\/uploads\/2025\/01\/illustration-ecc-6-2-1.jpg\" \/>\n<meta name=\"twitter:card\" content=\"summary_large_image\" \/>\n<meta name=\"twitter:label1\" content=\"Dur\u00e9e de lecture estim\u00e9e\" \/>\n\t<meta name=\"twitter:data1\" content=\"1 minute\" \/>\n<script type=\"application\/ld+json\" class=\"yoast-schema-graph\">{\"@context\":\"https:\/\/schema.org\",\"@graph\":[{\"@type\":\"WebPage\",\"@id\":\"https:\/\/eccleblog.apsh34.org\/index.php\/qui-sommes-nous\/\",\"url\":\"https:\/\/eccleblog.apsh34.org\/index.php\/qui-sommes-nous\/\",\"name\":\"Qui sommes-nous ? - Blog du foyer de vie Camille Claudel\",\"isPartOf\":{\"@id\":\"https:\/\/eccleblog.apsh34.org\/#website\"},\"primaryImageOfPage\":{\"@id\":\"https:\/\/eccleblog.apsh34.org\/index.php\/qui-sommes-nous\/#primaryimage\"},\"image\":{\"@id\":\"https:\/\/eccleblog.apsh34.org\/index.php\/qui-sommes-nous\/#primaryimage\"},\"thumbnailUrl\":\"https:\/\/eccleblog.apsh34.org\/wp-content\/uploads\/2025\/01\/illustration-ecc-6-2-1.jpg\",\"datePublished\":\"2025-04-17T13:19:13+00:00\",\"dateModified\":\"2025-04-18T07:55:25+00:00\",\"breadcrumb\":{\"@id\":\"https:\/\/eccleblog.apsh34.org\/index.php\/qui-sommes-nous\/#breadcrumb\"},\"inLanguage\":\"fr-FR\",\"potentialAction\":[{\"@type\":\"ReadAction\",\"target\":[\"https:\/\/eccleblog.apsh34.org\/index.php\/qui-sommes-nous\/\"]}]},{\"@type\":\"ImageObject\",\"inLanguage\":\"fr-FR\",\"@id\":\"https:\/\/eccleblog.apsh34.org\/index.php\/qui-sommes-nous\/#primaryimage\",\"url\":\"https:\/\/eccleblog.apsh34.org\/wp-content\/uploads\/2025\/01\/illustration-ecc-6-2-1.jpg\",\"contentUrl\":\"https:\/\/eccleblog.apsh34.org\/wp-content\/uploads\/2025\/01\/illustration-ecc-6-2-1.jpg\"},{\"@type\":\"BreadcrumbList\",\"@id\":\"https:\/\/eccleblog.apsh34.org\/index.php\/qui-sommes-nous\/#breadcrumb\",\"itemListElement\":[{\"@type\":\"ListItem\",\"position\":1,\"name\":\"Accueil\",\"item\":\"https:\/\/eccleblog.apsh34.org\/\"},{\"@type\":\"ListItem\",\"position\":2,\"name\":\"Qui sommes-nous ?\"}]},{\"@type\":\"WebSite\",\"@id\":\"https:\/\/eccleblog.apsh34.org\/#website\",\"url\":\"https:\/\/eccleblog.apsh34.org\/\",\"name\":\"Blog du foyer de vie Camille Claudel - APSH34\",\"description\":\"Les couleurs de nos vies\",\"publisher\":{\"@id\":\"https:\/\/eccleblog.apsh34.org\/#organization\"},\"potentialAction\":[{\"@type\":\"SearchAction\",\"target\":{\"@type\":\"EntryPoint\",\"urlTemplate\":\"https:\/\/eccleblog.apsh34.org\/?s={search_term_string}\"},\"query-input\":{\"@type\":\"PropertyValueSpecification\",\"valueRequired\":true,\"valueName\":\"search_term_string\"}}],\"inLanguage\":\"fr-FR\"},{\"@type\":\"Organization\",\"@id\":\"https:\/\/eccleblog.apsh34.org\/#organization\",\"name\":\"Blog du foyer de vie Camille Claudel - APSH34\",\"url\":\"https:\/\/eccleblog.apsh34.org\/\",\"logo\":{\"@type\":\"ImageObject\",\"inLanguage\":\"fr-FR\",\"@id\":\"https:\/\/eccleblog.apsh34.org\/#\/schema\/logo\/image\/\",\"url\":\"https:\/\/eccleblog.apsh34.org\/wp-content\/uploads\/2025\/01\/cropped-Icone-apsh-1.png\",\"contentUrl\":\"https:\/\/eccleblog.apsh34.org\/wp-content\/uploads\/2025\/01\/cropped-Icone-apsh-1.png\",\"width\":512,\"height\":512,\"caption\":\"Blog du foyer de vie Camille Claudel - APSH34\"},\"image\":{\"@id\":\"https:\/\/eccleblog.apsh34.org\/#\/schema\/logo\/image\/\"},\"sameAs\":[\"https:\/\/www.facebook.com\/apsh34\",\"https:\/\/www.linkedin.com\/company\/apsh34\/\",\"https:\/\/www.instagram.com\/apsh34_association\/\",\"https:\/\/www.youtube.com\/@apsh34\"]}]}<\/script>\n<!-- \/ Yoast SEO plugin. -->","yoast_head_json":{"title":"Qui sommes-nous ? - Blog du foyer de vie Camille Claudel","robots":{"index":"index","follow":"follow","max-snippet":"max-snippet:-1","max-image-preview":"max-image-preview:large","max-video-preview":"max-video-preview:-1"},"canonical":"https:\/\/eccleblog.apsh34.org\/index.php\/qui-sommes-nous\/","og_locale":"fr_FR","og_type":"article","og_title":"Qui sommes-nous ? - Blog du foyer de vie Camille Claudel","og_description":"L&rsquo;Espace Camille Claudel Au centre du d\u00e9partement, se trouve le Territoire du Coeur d&rsquo;H\u00e9rault, riche de ses ressources naturelles et de son patrimoine historique, ce territoire offre une belle qualit\u00e9 [&hellip;]","og_url":"https:\/\/eccleblog.apsh34.org\/index.php\/qui-sommes-nous\/","og_site_name":"Blog du foyer de vie Camille Claudel","article_publisher":"https:\/\/www.facebook.com\/apsh34","article_modified_time":"2025-04-18T07:55:25+00:00","og_image":[{"url":"https:\/\/eccleblog.apsh34.org\/wp-content\/uploads\/2025\/01\/illustration-ecc-6-2-1.jpg","type":"","width":"","height":""}],"twitter_card":"summary_large_image","twitter_misc":{"Dur\u00e9e de lecture estim\u00e9e":"1 minute"},"schema":{"@context":"https:\/\/schema.org","@graph":[{"@type":"WebPage","@id":"https:\/\/eccleblog.apsh34.org\/index.php\/qui-sommes-nous\/","url":"https:\/\/eccleblog.apsh34.org\/index.php\/qui-sommes-nous\/","name":"Qui sommes-nous ? - Blog du foyer de vie Camille Claudel","isPartOf":{"@id":"https:\/\/eccleblog.apsh34.org\/#website"},"primaryImageOfPage":{"@id":"https:\/\/eccleblog.apsh34.org\/index.php\/qui-sommes-nous\/#primaryimage"},"image":{"@id":"https:\/\/eccleblog.apsh34.org\/index.php\/qui-sommes-nous\/#primaryimage"},"thumbnailUrl":"https:\/\/eccleblog.apsh34.org\/wp-content\/uploads\/2025\/01\/illustration-ecc-6-2-1.jpg","datePublished":"2025-04-17T13:19:13+00:00","dateModified":"2025-04-18T07:55:25+00:00","breadcrumb":{"@id":"https:\/\/eccleblog.apsh34.org\/index.php\/qui-sommes-nous\/#breadcrumb"},"inLanguage":"fr-FR","potentialAction":[{"@type":"ReadAction","target":["https:\/\/eccleblog.apsh34.org\/index.php\/qui-sommes-nous\/"]}]},{"@type":"ImageObject","inLanguage":"fr-FR","@id":"https:\/\/eccleblog.apsh34.org\/index.php\/qui-sommes-nous\/#primaryimage","url":"https:\/\/eccleblog.apsh34.org\/wp-content\/uploads\/2025\/01\/illustration-ecc-6-2-1.jpg","contentUrl":"https:\/\/eccleblog.apsh34.org\/wp-content\/uploads\/2025\/01\/illustration-ecc-6-2-1.jpg"},{"@type":"BreadcrumbList","@id":"https:\/\/eccleblog.apsh34.org\/index.php\/qui-sommes-nous\/#breadcrumb","itemListElement":[{"@type":"ListItem","position":1,"name":"Accueil","item":"https:\/\/eccleblog.apsh34.org\/"},{"@type":"ListItem","position":2,"name":"Qui sommes-nous ?"}]},{"@type":"WebSite","@id":"https:\/\/eccleblog.apsh34.org\/#website","url":"https:\/\/eccleblog.apsh34.org\/","name":"Blog du foyer de vie Camille Claudel - APSH34","description":"Les couleurs de nos vies","publisher":{"@id":"https:\/\/eccleblog.apsh34.org\/#organization"},"potentialAction":[{"@type":"SearchAction","target":{"@type":"EntryPoint","urlTemplate":"https:\/\/eccleblog.apsh34.org\/?s={search_term_string}"},"query-input":{"@type":"PropertyValueSpecification","valueRequired":true,"valueName":"search_term_string"}}],"inLanguage":"fr-FR"},{"@type":"Organization","@id":"https:\/\/eccleblog.apsh34.org\/#organization","name":"Blog du foyer de vie Camille Claudel - APSH34","url":"https:\/\/eccleblog.apsh34.org\/","logo":{"@type":"ImageObject","inLanguage":"fr-FR","@id":"https:\/\/eccleblog.apsh34.org\/#\/schema\/logo\/image\/","url":"https:\/\/eccleblog.apsh34.org\/wp-content\/uploads\/2025\/01\/cropped-Icone-apsh-1.png","contentUrl":"https:\/\/eccleblog.apsh34.org\/wp-content\/uploads\/2025\/01\/cropped-Icone-apsh-1.png","width":512,"height":512,"caption":"Blog du foyer de vie Camille Claudel - APSH34"},"image":{"@id":"https:\/\/eccleblog.apsh34.org\/#\/schema\/logo\/image\/"},"sameAs":["https:\/\/www.facebook.com\/apsh34","https:\/\/www.linkedin.com\/company\/apsh34\/","https:\/\/www.instagram.com\/apsh34_association\/","https:\/\/www.youtube.com\/@apsh34"]}]}},"_links":{"self":[{"href":"https:\/\/eccleblog.apsh34.org\/index.php\/wp-json\/wp\/v2\/pages\/389","targetHints":{"allow":["GET"]}}],"collection":[{"href":"https:\/\/eccleblog.apsh34.org\/index.php\/wp-json\/wp\/v2\/pages"}],"about":[{"href":"https:\/\/eccleblog.apsh34.org\/index.php\/wp-json\/wp\/v2\/types\/page"}],"author":[{"embeddable":true,"href":"https:\/\/eccleblog.apsh34.org\/index.php\/wp-json\/wp\/v2\/users\/1"}],"replies":[{"embeddable":true,"href":"https:\/\/eccleblog.apsh34.org\/index.php\/wp-json\/wp\/v2\/comments?post=389"}],"version-history":[{"count":5,"href":"https:\/\/eccleblog.apsh34.org\/index.php\/wp-json\/wp\/v2\/pages\/389\/revisions"}],"predecessor-version":[{"id":431,"href":"https:\/\/eccleblog.apsh34.org\/index.php\/wp-json\/wp\/v2\/pages\/389\/revisions\/431"}],"wp:attachment":[{"href":"https:\/\/eccleblog.apsh34.org\/index.php\/wp-json\/wp\/v2\/media?parent=389"}],"curies":[{"name":"wp","href":"https:\/\/api.w.org\/{rel}","templated":true}]}}