{"id":614,"date":"2025-06-26T09:46:44","date_gmt":"2025-06-26T07:46:44","guid":{"rendered":"https:\/\/eccleblog.apsh34.org\/?page_id=614"},"modified":"2025-07-04T09:39:30","modified_gmt":"2025-07-04T07:39:30","slug":"notre-equipe-de-bloggeurs","status":"publish","type":"page","link":"https:\/\/eccleblog.apsh34.org\/index.php\/notre-equipe-de-bloggeurs\/","title":{"rendered":"Notre \u00e9quipe de blogueurs"},"content":{"rendered":"\n<div class=\"wp-block-cover\"><img loading=\"lazy\" decoding=\"async\" width=\"1998\" height=\"1124\" class=\"wp-block-cover__image-background wp-image-617\" alt=\"\" src=\"https:\/\/eccleblog.apsh34.org\/wp-content\/uploads\/2025\/06\/ECC-le-blog-Page-daccueil-edited-1.jpg\" data-object-fit=\"cover\" srcset=\"https:\/\/eccleblog.apsh34.org\/wp-content\/uploads\/2025\/06\/ECC-le-blog-Page-daccueil-edited-1.jpg 1998w, https:\/\/eccleblog.apsh34.org\/wp-content\/uploads\/2025\/06\/ECC-le-blog-Page-daccueil-edited-1-300x169.jpg 300w, https:\/\/eccleblog.apsh34.org\/wp-content\/uploads\/2025\/06\/ECC-le-blog-Page-daccueil-edited-1-1024x576.jpg 1024w, https:\/\/eccleblog.apsh34.org\/wp-content\/uploads\/2025\/06\/ECC-le-blog-Page-daccueil-edited-1-768x432.jpg 768w, https:\/\/eccleblog.apsh34.org\/wp-content\/uploads\/2025\/06\/ECC-le-blog-Page-daccueil-edited-1-1536x864.jpg 1536w, https:\/\/eccleblog.apsh34.org\/wp-content\/uploads\/2025\/06\/ECC-le-blog-Page-daccueil-edited-1-1200x675.jpg 1200w\" sizes=\"auto, (max-width: 1998px) 100vw, 1998px\" \/><span aria-hidden=\"true\" class=\"wp-block-cover__background has-background-dim\"><\/span><div class=\"wp-block-cover__inner-container is-layout-flow wp-block-cover-is-layout-flow\">\n<h2 class=\"wp-block-heading has-text-align-center has-large-font-size\">Production et r\u00e9alisation<\/h2>\n<\/div><\/div>\n\n\n\n<p class=\"has-text-align-center\">Des petits moments de notre quotidien \u00e0 partager avec vous&#8230;<\/p>\n\n\n\n<p>Nous sommes plusieurs r\u00e9sidents \u00e0 prendre plaisir \u00e0 participer \u00e0 la r\u00e9daction de ce blog.<\/p>\n\n\n\n<p>C&rsquo;est pour nous une belle fa\u00e7on de raconter ce que nous vivons, que ce soit au travers des activit\u00e9s r\u00e9alis\u00e9s au sein de l&rsquo;EANM ou des \u00e9v\u00e9nements ext\u00e9rieurs. A travers nos articles, nous partageons notre quotidien.<\/p>\n\n\n\n<p> Ce blog, c&rsquo;est un peu notre journal collectif. Nous \u00e9crivons \u00e0 notre mani\u00e8re, avec nos mots. <\/p>\n\n\n\n<p>Avec l&rsquo;aide de S\u00e9verine, l&rsquo;\u00e9ducatrice qui anime de cet atelier, certains d&rsquo;entre nous r\u00e9digent et tapent les textes, d&rsquo;autres pr\u00e9f\u00e8rent dicter, ou r\u00e9aliser les interviews. L&rsquo;important c&rsquo;est de partager ce qui nous ressemble. Nous aimons d\u00e9crire ce que nous avons fait et nos ressentis. Et quand on y ajoute des photos, cela rend les souvenirs encore plus vivants.<\/p>\n\n\n\n<p>\u00c9crire pour le blog, c&rsquo;est aussi une fa\u00e7on de rester en lien avec nos familles, de montrer nos vies ici et de garder une trace de ce que nous faisons ensemble.<\/p>\n\n\n\n<p>Nous esp\u00e9rons que vous y trouverez un peu de notre bonne humeur et que vous prendrez plaisir \u00e0 nous lire !<\/p>\n\n\n\n<p class=\"has-text-align-center\">L&rsquo;\u00e9quipe de blogueurs de l&rsquo;EANM Camille Claudel.<\/p>\n","protected":false},"excerpt":{"rendered":"<p>Des petits moments de notre quotidien \u00e0 partager avec vous&#8230; Nous sommes plusieurs r\u00e9sidents \u00e0 prendre plaisir \u00e0 participer \u00e0 la r\u00e9daction de ce blog. C&rsquo;est pour nous une belle [&hellip;]<\/p>\n","protected":false},"author":1,"featured_media":0,"parent":0,"menu_order":0,"comment_status":"closed","ping_status":"closed","template":"","meta":{"_EventAllDay":false,"_EventTimezone":"","_EventStartDate":"","_EventEndDate":"","_EventStartDateUTC":"","_EventEndDateUTC":"","_EventShowMap":false,"_EventShowMapLink":false,"_EventURL":"","_EventCost":"","_EventCostDescription":"","_EventCurrencySymbol":"","_EventCurrencyCode":"","_EventCurrencyPosition":"","_EventDateTimeSeparator":"","_EventTimeRangeSeparator":"","_EventOrganizerID":[],"_EventVenueID":[],"_OrganizerEmail":"","_OrganizerPhone":"","_OrganizerWebsite":"","_VenueAddress":"","_VenueCity":"","_VenueCountry":"","_VenueProvince":"","_VenueState":"","_VenueZip":"","_VenuePhone":"","_VenueURL":"","_VenueStateProvince":"","_VenueLat":"","_VenueLng":"","_VenueShowMap":false,"_VenueShowMapLink":false,"_starter_page_template":"about-page","_wpcom_template_layout_category":["about"],"footnotes":""},"class_list":["post-614","page","type-page","status-publish","hentry"],"yoast_head":"<!-- This site is optimized with the Yoast SEO plugin v25.0 - https:\/\/yoast.com\/wordpress\/plugins\/seo\/ -->\n<title>Notre \u00e9quipe de blogueurs - Blog du foyer de vie Camille Claudel<\/title>\n<meta name=\"robots\" content=\"index, follow, max-snippet:-1, max-image-preview:large, max-video-preview:-1\" \/>\n<link rel=\"canonical\" href=\"https:\/\/eccleblog.apsh34.org\/index.php\/notre-equipe-de-bloggeurs\/\" \/>\n<meta property=\"og:locale\" content=\"fr_FR\" \/>\n<meta property=\"og:type\" content=\"article\" \/>\n<meta property=\"og:title\" content=\"Notre \u00e9quipe de blogueurs - Blog du foyer de vie Camille Claudel\" \/>\n<meta property=\"og:description\" content=\"Des petits moments de notre quotidien \u00e0 partager avec vous&#8230; Nous sommes plusieurs r\u00e9sidents \u00e0 prendre plaisir \u00e0 participer \u00e0 la r\u00e9daction de ce blog. C&rsquo;est pour nous une belle [&hellip;]\" \/>\n<meta property=\"og:url\" content=\"https:\/\/eccleblog.apsh34.org\/index.php\/notre-equipe-de-bloggeurs\/\" \/>\n<meta property=\"og:site_name\" content=\"Blog du foyer de vie Camille Claudel\" \/>\n<meta property=\"article:publisher\" content=\"https:\/\/www.facebook.com\/apsh34\" \/>\n<meta property=\"article:modified_time\" content=\"2025-07-04T07:39:30+00:00\" \/>\n<meta property=\"og:image\" content=\"https:\/\/eccleblog.apsh34.org\/wp-content\/uploads\/2025\/06\/ECC-le-blog-Page-daccueil-edited-1.jpg\" \/>\n\t<meta property=\"og:image:width\" content=\"1998\" \/>\n\t<meta property=\"og:image:height\" content=\"1124\" \/>\n\t<meta property=\"og:image:type\" content=\"image\/jpeg\" \/>\n<meta name=\"twitter:card\" content=\"summary_large_image\" \/>\n<meta name=\"twitter:label1\" content=\"Dur\u00e9e de lecture estim\u00e9e\" \/>\n\t<meta name=\"twitter:data1\" content=\"2 minutes\" \/>\n<script type=\"application\/ld+json\" class=\"yoast-schema-graph\">{\"@context\":\"https:\/\/schema.org\",\"@graph\":[{\"@type\":\"WebPage\",\"@id\":\"https:\/\/eccleblog.apsh34.org\/index.php\/notre-equipe-de-bloggeurs\/\",\"url\":\"https:\/\/eccleblog.apsh34.org\/index.php\/notre-equipe-de-bloggeurs\/\",\"name\":\"Notre \u00e9quipe de blogueurs - Blog du foyer de vie Camille Claudel\",\"isPartOf\":{\"@id\":\"https:\/\/eccleblog.apsh34.org\/#website\"},\"primaryImageOfPage\":{\"@id\":\"https:\/\/eccleblog.apsh34.org\/index.php\/notre-equipe-de-bloggeurs\/#primaryimage\"},\"image\":{\"@id\":\"https:\/\/eccleblog.apsh34.org\/index.php\/notre-equipe-de-bloggeurs\/#primaryimage\"},\"thumbnailUrl\":\"https:\/\/eccleblog.apsh34.org\/wp-content\/uploads\/2025\/06\/ECC-le-blog-Page-daccueil-edited-1.jpg\",\"datePublished\":\"2025-06-26T07:46:44+00:00\",\"dateModified\":\"2025-07-04T07:39:30+00:00\",\"breadcrumb\":{\"@id\":\"https:\/\/eccleblog.apsh34.org\/index.php\/notre-equipe-de-bloggeurs\/#breadcrumb\"},\"inLanguage\":\"fr-FR\",\"potentialAction\":[{\"@type\":\"ReadAction\",\"target\":[\"https:\/\/eccleblog.apsh34.org\/index.php\/notre-equipe-de-bloggeurs\/\"]}]},{\"@type\":\"ImageObject\",\"inLanguage\":\"fr-FR\",\"@id\":\"https:\/\/eccleblog.apsh34.org\/index.php\/notre-equipe-de-bloggeurs\/#primaryimage\",\"url\":\"https:\/\/eccleblog.apsh34.org\/wp-content\/uploads\/2025\/06\/ECC-le-blog-Page-daccueil-edited-1.jpg\",\"contentUrl\":\"https:\/\/eccleblog.apsh34.org\/wp-content\/uploads\/2025\/06\/ECC-le-blog-Page-daccueil-edited-1.jpg\",\"width\":1998,\"height\":1124},{\"@type\":\"BreadcrumbList\",\"@id\":\"https:\/\/eccleblog.apsh34.org\/index.php\/notre-equipe-de-bloggeurs\/#breadcrumb\",\"itemListElement\":[{\"@type\":\"ListItem\",\"position\":1,\"name\":\"Accueil\",\"item\":\"https:\/\/eccleblog.apsh34.org\/\"},{\"@type\":\"ListItem\",\"position\":2,\"name\":\"Notre \u00e9quipe de blogueurs\"}]},{\"@type\":\"WebSite\",\"@id\":\"https:\/\/eccleblog.apsh34.org\/#website\",\"url\":\"https:\/\/eccleblog.apsh34.org\/\",\"name\":\"Blog du foyer de vie Camille Claudel - APSH34\",\"description\":\"Les couleurs de nos vies\",\"publisher\":{\"@id\":\"https:\/\/eccleblog.apsh34.org\/#organization\"},\"potentialAction\":[{\"@type\":\"SearchAction\",\"target\":{\"@type\":\"EntryPoint\",\"urlTemplate\":\"https:\/\/eccleblog.apsh34.org\/?s={search_term_string}\"},\"query-input\":{\"@type\":\"PropertyValueSpecification\",\"valueRequired\":true,\"valueName\":\"search_term_string\"}}],\"inLanguage\":\"fr-FR\"},{\"@type\":\"Organization\",\"@id\":\"https:\/\/eccleblog.apsh34.org\/#organization\",\"name\":\"Blog du foyer de vie Camille Claudel - APSH34\",\"url\":\"https:\/\/eccleblog.apsh34.org\/\",\"logo\":{\"@type\":\"ImageObject\",\"inLanguage\":\"fr-FR\",\"@id\":\"https:\/\/eccleblog.apsh34.org\/#\/schema\/logo\/image\/\",\"url\":\"https:\/\/eccleblog.apsh34.org\/wp-content\/uploads\/2025\/01\/cropped-Icone-apsh-1.png\",\"contentUrl\":\"https:\/\/eccleblog.apsh34.org\/wp-content\/uploads\/2025\/01\/cropped-Icone-apsh-1.png\",\"width\":512,\"height\":512,\"caption\":\"Blog du foyer de vie Camille Claudel - APSH34\"},\"image\":{\"@id\":\"https:\/\/eccleblog.apsh34.org\/#\/schema\/logo\/image\/\"},\"sameAs\":[\"https:\/\/www.facebook.com\/apsh34\",\"https:\/\/www.linkedin.com\/company\/apsh34\/\",\"https:\/\/www.instagram.com\/apsh34_association\/\",\"https:\/\/www.youtube.com\/@apsh34\"]}]}<\/script>\n<!-- \/ Yoast SEO plugin. -->","yoast_head_json":{"title":"Notre \u00e9quipe de blogueurs - Blog du foyer de vie Camille Claudel","robots":{"index":"index","follow":"follow","max-snippet":"max-snippet:-1","max-image-preview":"max-image-preview:large","max-video-preview":"max-video-preview:-1"},"canonical":"https:\/\/eccleblog.apsh34.org\/index.php\/notre-equipe-de-bloggeurs\/","og_locale":"fr_FR","og_type":"article","og_title":"Notre \u00e9quipe de blogueurs - Blog du foyer de vie Camille Claudel","og_description":"Des petits moments de notre quotidien \u00e0 partager avec vous&#8230; Nous sommes plusieurs r\u00e9sidents \u00e0 prendre plaisir \u00e0 participer \u00e0 la r\u00e9daction de ce blog. C&rsquo;est pour nous une belle [&hellip;]","og_url":"https:\/\/eccleblog.apsh34.org\/index.php\/notre-equipe-de-bloggeurs\/","og_site_name":"Blog du foyer de vie Camille Claudel","article_publisher":"https:\/\/www.facebook.com\/apsh34","article_modified_time":"2025-07-04T07:39:30+00:00","og_image":[{"width":1998,"height":1124,"url":"https:\/\/eccleblog.apsh34.org\/wp-content\/uploads\/2025\/06\/ECC-le-blog-Page-daccueil-edited-1.jpg","type":"image\/jpeg"}],"twitter_card":"summary_large_image","twitter_misc":{"Dur\u00e9e de lecture estim\u00e9e":"2 minutes"},"schema":{"@context":"https:\/\/schema.org","@graph":[{"@type":"WebPage","@id":"https:\/\/eccleblog.apsh34.org\/index.php\/notre-equipe-de-bloggeurs\/","url":"https:\/\/eccleblog.apsh34.org\/index.php\/notre-equipe-de-bloggeurs\/","name":"Notre \u00e9quipe de blogueurs - Blog du foyer de vie Camille Claudel","isPartOf":{"@id":"https:\/\/eccleblog.apsh34.org\/#website"},"primaryImageOfPage":{"@id":"https:\/\/eccleblog.apsh34.org\/index.php\/notre-equipe-de-bloggeurs\/#primaryimage"},"image":{"@id":"https:\/\/eccleblog.apsh34.org\/index.php\/notre-equipe-de-bloggeurs\/#primaryimage"},"thumbnailUrl":"https:\/\/eccleblog.apsh34.org\/wp-content\/uploads\/2025\/06\/ECC-le-blog-Page-daccueil-edited-1.jpg","datePublished":"2025-06-26T07:46:44+00:00","dateModified":"2025-07-04T07:39:30+00:00","breadcrumb":{"@id":"https:\/\/eccleblog.apsh34.org\/index.php\/notre-equipe-de-bloggeurs\/#breadcrumb"},"inLanguage":"fr-FR","potentialAction":[{"@type":"ReadAction","target":["https:\/\/eccleblog.apsh34.org\/index.php\/notre-equipe-de-bloggeurs\/"]}]},{"@type":"ImageObject","inLanguage":"fr-FR","@id":"https:\/\/eccleblog.apsh34.org\/index.php\/notre-equipe-de-bloggeurs\/#primaryimage","url":"https:\/\/eccleblog.apsh34.org\/wp-content\/uploads\/2025\/06\/ECC-le-blog-Page-daccueil-edited-1.jpg","contentUrl":"https:\/\/eccleblog.apsh34.org\/wp-content\/uploads\/2025\/06\/ECC-le-blog-Page-daccueil-edited-1.jpg","width":1998,"height":1124},{"@type":"BreadcrumbList","@id":"https:\/\/eccleblog.apsh34.org\/index.php\/notre-equipe-de-bloggeurs\/#breadcrumb","itemListElement":[{"@type":"ListItem","position":1,"name":"Accueil","item":"https:\/\/eccleblog.apsh34.org\/"},{"@type":"ListItem","position":2,"name":"Notre \u00e9quipe de blogueurs"}]},{"@type":"WebSite","@id":"https:\/\/eccleblog.apsh34.org\/#website","url":"https:\/\/eccleblog.apsh34.org\/","name":"Blog du foyer de vie Camille Claudel - APSH34","description":"Les couleurs de nos vies","publisher":{"@id":"https:\/\/eccleblog.apsh34.org\/#organization"},"potentialAction":[{"@type":"SearchAction","target":{"@type":"EntryPoint","urlTemplate":"https:\/\/eccleblog.apsh34.org\/?s={search_term_string}"},"query-input":{"@type":"PropertyValueSpecification","valueRequired":true,"valueName":"search_term_string"}}],"inLanguage":"fr-FR"},{"@type":"Organization","@id":"https:\/\/eccleblog.apsh34.org\/#organization","name":"Blog du foyer de vie Camille Claudel - APSH34","url":"https:\/\/eccleblog.apsh34.org\/","logo":{"@type":"ImageObject","inLanguage":"fr-FR","@id":"https:\/\/eccleblog.apsh34.org\/#\/schema\/logo\/image\/","url":"https:\/\/eccleblog.apsh34.org\/wp-content\/uploads\/2025\/01\/cropped-Icone-apsh-1.png","contentUrl":"https:\/\/eccleblog.apsh34.org\/wp-content\/uploads\/2025\/01\/cropped-Icone-apsh-1.png","width":512,"height":512,"caption":"Blog du foyer de vie Camille Claudel - APSH34"},"image":{"@id":"https:\/\/eccleblog.apsh34.org\/#\/schema\/logo\/image\/"},"sameAs":["https:\/\/www.facebook.com\/apsh34","https:\/\/www.linkedin.com\/company\/apsh34\/","https:\/\/www.instagram.com\/apsh34_association\/","https:\/\/www.youtube.com\/@apsh34"]}]}},"_links":{"self":[{"href":"https:\/\/eccleblog.apsh34.org\/index.php\/wp-json\/wp\/v2\/pages\/614","targetHints":{"allow":["GET"]}}],"collection":[{"href":"https:\/\/eccleblog.apsh34.org\/index.php\/wp-json\/wp\/v2\/pages"}],"about":[{"href":"https:\/\/eccleblog.apsh34.org\/index.php\/wp-json\/wp\/v2\/types\/page"}],"author":[{"embeddable":true,"href":"https:\/\/eccleblog.apsh34.org\/index.php\/wp-json\/wp\/v2\/users\/1"}],"replies":[{"embeddable":true,"href":"https:\/\/eccleblog.apsh34.org\/index.php\/wp-json\/wp\/v2\/comments?post=614"}],"version-history":[{"count":6,"href":"https:\/\/eccleblog.apsh34.org\/index.php\/wp-json\/wp\/v2\/pages\/614\/revisions"}],"predecessor-version":[{"id":633,"href":"https:\/\/eccleblog.apsh34.org\/index.php\/wp-json\/wp\/v2\/pages\/614\/revisions\/633"}],"wp:attachment":[{"href":"https:\/\/eccleblog.apsh34.org\/index.php\/wp-json\/wp\/v2\/media?parent=614"}],"curies":[{"name":"wp","href":"https:\/\/api.w.org\/{rel}","templated":true}]}}