{"id":543,"date":"2025-05-15T15:36:12","date_gmt":"2025-05-15T13:36:12","guid":{"rendered":"https:\/\/eccleblog.apsh34.org\/?post_type=tribe_events&#038;p=543"},"modified":"2025-05-15T15:37:40","modified_gmt":"2025-05-15T13:37:40","slug":"spectacle-comedie-musicale","status":"publish","type":"tribe_events","link":"https:\/\/eccleblog.apsh34.org\/index.php\/agenda\/spectacle-comedie-musicale\/","title":{"rendered":"Spectacle Com\u00e9die Musicale"},"content":{"rendered":"<p><img loading=\"lazy\" decoding=\"async\" class=\"alignnone size-medium wp-image-547\" src=\"https:\/\/eccleblog.apsh34.org\/wp-content\/uploads\/2025\/05\/1-1-300x300.png\" alt=\"\" width=\"300\" height=\"300\" srcset=\"https:\/\/eccleblog.apsh34.org\/wp-content\/uploads\/2025\/05\/1-1-300x300.png 300w, https:\/\/eccleblog.apsh34.org\/wp-content\/uploads\/2025\/05\/1-1-1024x1024.png 1024w, https:\/\/eccleblog.apsh34.org\/wp-content\/uploads\/2025\/05\/1-1-150x150.png 150w, https:\/\/eccleblog.apsh34.org\/wp-content\/uploads\/2025\/05\/1-1-768x768.png 768w, https:\/\/eccleblog.apsh34.org\/wp-content\/uploads\/2025\/05\/1-1-1536x1536.png 1536w, https:\/\/eccleblog.apsh34.org\/wp-content\/uploads\/2025\/05\/1-1-1200x1200.png 1200w, https:\/\/eccleblog.apsh34.org\/wp-content\/uploads\/2025\/05\/1-1-800x800.png 800w, https:\/\/eccleblog.apsh34.org\/wp-content\/uploads\/2025\/05\/1-1-600x600.png 600w, https:\/\/eccleblog.apsh34.org\/wp-content\/uploads\/2025\/05\/1-1-400x400.png 400w, https:\/\/eccleblog.apsh34.org\/wp-content\/uploads\/2025\/05\/1-1-200x200.png 200w, https:\/\/eccleblog.apsh34.org\/wp-content\/uploads\/2025\/05\/1-1.png 1654w\" sizes=\"auto, (max-width: 300px) 100vw, 300px\" \/> <img loading=\"lazy\" decoding=\"async\" class=\"alignnone size-medium wp-image-544\" src=\"https:\/\/eccleblog.apsh34.org\/wp-content\/uploads\/2025\/05\/2-300x300.png\" alt=\"\" width=\"300\" height=\"300\" srcset=\"https:\/\/eccleblog.apsh34.org\/wp-content\/uploads\/2025\/05\/2-300x300.png 300w, https:\/\/eccleblog.apsh34.org\/wp-content\/uploads\/2025\/05\/2-1024x1024.png 1024w, https:\/\/eccleblog.apsh34.org\/wp-content\/uploads\/2025\/05\/2-150x150.png 150w, https:\/\/eccleblog.apsh34.org\/wp-content\/uploads\/2025\/05\/2-768x768.png 768w, https:\/\/eccleblog.apsh34.org\/wp-content\/uploads\/2025\/05\/2-1536x1536.png 1536w, https:\/\/eccleblog.apsh34.org\/wp-content\/uploads\/2025\/05\/2-1200x1200.png 1200w, https:\/\/eccleblog.apsh34.org\/wp-content\/uploads\/2025\/05\/2-800x800.png 800w, https:\/\/eccleblog.apsh34.org\/wp-content\/uploads\/2025\/05\/2-600x600.png 600w, https:\/\/eccleblog.apsh34.org\/wp-content\/uploads\/2025\/05\/2-400x400.png 400w, https:\/\/eccleblog.apsh34.org\/wp-content\/uploads\/2025\/05\/2-200x200.png 200w, https:\/\/eccleblog.apsh34.org\/wp-content\/uploads\/2025\/05\/2.png 1654w\" sizes=\"auto, (max-width: 300px) 100vw, 300px\" \/><\/p>\n<p>&nbsp;<\/p>\n<p>Ev\u00e9nement ouvert aux proches et aux partenaires du P\u00f4le Ressource<\/p>\n","protected":false},"excerpt":{"rendered":"<p>&nbsp; Ev\u00e9nement ouvert aux proches et aux partenaires du P\u00f4le Ressource<\/p>\n","protected":false},"author":5,"featured_media":0,"template":"","meta":{"_EventAllDay":false,"_EventTimezone":"Europe\/Paris","_EventStartDate":"2025-07-11 18:30:00","_EventEndDate":"2025-07-11 21:30:00","_EventStartDateUTC":"2025-07-11 16:30:00","_EventEndDateUTC":"2025-07-11 19:30:00","_EventShowMap":false,"_EventShowMapLink":false,"_EventURL":"","_EventCost":"","_EventCostDescription":"","_EventCurrencySymbol":"\u20ac","_EventCurrencyCode":"EUR","_EventCurrencyPosition":"prefix","_EventDateTimeSeparator":"","_EventTimeRangeSeparator":"","_EventOrganizerID":[],"_EventVenueID":[],"_OrganizerEmail":"","_OrganizerPhone":"","_OrganizerWebsite":"","_VenueAddress":"","_VenueCity":"","_VenueCountry":"","_VenueProvince":"","_VenueState":"","_VenueZip":"","_VenuePhone":"","_VenueURL":"","_VenueStateProvince":"","_VenueLat":"","_VenueLng":"","_VenueShowMap":false,"_VenueShowMapLink":false,"_tribe_events_status":"","_tribe_events_status_reason":"","footnotes":""},"tags":[],"tribe_events_cat":[],"class_list":["post-543","tribe_events","type-tribe_events","status-publish","hentry"],"yoast_head":"<!-- This site is optimized with the Yoast SEO plugin v25.0 - https:\/\/yoast.com\/wordpress\/plugins\/seo\/ -->\n<title>Spectacle Com\u00e9die Musicale - Blog du foyer de vie Camille Claudel<\/title>\n<meta name=\"robots\" content=\"index, follow, max-snippet:-1, max-image-preview:large, max-video-preview:-1\" \/>\n<link rel=\"canonical\" href=\"https:\/\/eccleblog.apsh34.org\/index.php\/agenda\/spectacle-comedie-musicale\/\" \/>\n<meta property=\"og:locale\" content=\"fr_FR\" \/>\n<meta property=\"og:type\" content=\"article\" \/>\n<meta property=\"og:title\" content=\"Spectacle Com\u00e9die Musicale - Blog du foyer de vie Camille Claudel\" \/>\n<meta property=\"og:description\" content=\"&nbsp; Ev\u00e9nement ouvert aux proches et aux partenaires du P\u00f4le Ressource\" \/>\n<meta property=\"og:url\" content=\"https:\/\/eccleblog.apsh34.org\/index.php\/agenda\/spectacle-comedie-musicale\/\" \/>\n<meta property=\"og:site_name\" content=\"Blog du foyer de vie Camille Claudel\" \/>\n<meta property=\"article:publisher\" content=\"https:\/\/www.facebook.com\/apsh34\" \/>\n<meta property=\"article:modified_time\" content=\"2025-05-15T13:37:40+00:00\" \/>\n<meta property=\"og:image\" content=\"https:\/\/eccleblog.apsh34.org\/wp-content\/uploads\/2025\/05\/1-1-1024x1024.png\" \/>\n\t<meta property=\"og:image:width\" content=\"1024\" \/>\n\t<meta property=\"og:image:height\" content=\"1024\" \/>\n\t<meta property=\"og:image:type\" content=\"image\/png\" \/>\n<meta name=\"twitter:card\" content=\"summary_large_image\" \/>\n<meta name=\"twitter:label1\" content=\"Dur\u00e9e de lecture estim\u00e9e\" \/>\n\t<meta name=\"twitter:data1\" content=\"1 minute\" \/>\n<script type=\"application\/ld+json\" class=\"yoast-schema-graph\">{\"@context\":\"https:\/\/schema.org\",\"@graph\":[{\"@type\":\"WebPage\",\"@id\":\"https:\/\/eccleblog.apsh34.org\/index.php\/agenda\/spectacle-comedie-musicale\/\",\"url\":\"https:\/\/eccleblog.apsh34.org\/index.php\/agenda\/spectacle-comedie-musicale\/\",\"name\":\"Spectacle Com\u00e9die Musicale - Blog du foyer de vie Camille Claudel\",\"isPartOf\":{\"@id\":\"https:\/\/eccleblog.apsh34.org\/#website\"},\"primaryImageOfPage\":{\"@id\":\"https:\/\/eccleblog.apsh34.org\/index.php\/agenda\/spectacle-comedie-musicale\/#primaryimage\"},\"image\":{\"@id\":\"https:\/\/eccleblog.apsh34.org\/index.php\/agenda\/spectacle-comedie-musicale\/#primaryimage\"},\"thumbnailUrl\":\"https:\/\/eccleblog.apsh34.org\/wp-content\/uploads\/2025\/05\/1-1-300x300.png\",\"datePublished\":\"2025-05-15T13:36:12+00:00\",\"dateModified\":\"2025-05-15T13:37:40+00:00\",\"breadcrumb\":{\"@id\":\"https:\/\/eccleblog.apsh34.org\/index.php\/agenda\/spectacle-comedie-musicale\/#breadcrumb\"},\"inLanguage\":\"fr-FR\",\"potentialAction\":[{\"@type\":\"ReadAction\",\"target\":[\"https:\/\/eccleblog.apsh34.org\/index.php\/agenda\/spectacle-comedie-musicale\/\"]}]},{\"@type\":\"ImageObject\",\"inLanguage\":\"fr-FR\",\"@id\":\"https:\/\/eccleblog.apsh34.org\/index.php\/agenda\/spectacle-comedie-musicale\/#primaryimage\",\"url\":\"https:\/\/eccleblog.apsh34.org\/wp-content\/uploads\/2025\/05\/1-1.png\",\"contentUrl\":\"https:\/\/eccleblog.apsh34.org\/wp-content\/uploads\/2025\/05\/1-1.png\",\"width\":1654,\"height\":1654},{\"@type\":\"BreadcrumbList\",\"@id\":\"https:\/\/eccleblog.apsh34.org\/index.php\/agenda\/spectacle-comedie-musicale\/#breadcrumb\",\"itemListElement\":[{\"@type\":\"ListItem\",\"position\":1,\"name\":\"Accueil\",\"item\":\"https:\/\/eccleblog.apsh34.org\/\"},{\"@type\":\"ListItem\",\"position\":2,\"name\":\"\u00c9v\u00e8nements\",\"item\":\"https:\/\/eccleblog.apsh34.org\/index.php\/agenda\/\"},{\"@type\":\"ListItem\",\"position\":3,\"name\":\"Spectacle Com\u00e9die Musicale\"}]},{\"@type\":\"WebSite\",\"@id\":\"https:\/\/eccleblog.apsh34.org\/#website\",\"url\":\"https:\/\/eccleblog.apsh34.org\/\",\"name\":\"Blog du foyer de vie Camille Claudel - APSH34\",\"description\":\"Les couleurs de nos vies\",\"publisher\":{\"@id\":\"https:\/\/eccleblog.apsh34.org\/#organization\"},\"potentialAction\":[{\"@type\":\"SearchAction\",\"target\":{\"@type\":\"EntryPoint\",\"urlTemplate\":\"https:\/\/eccleblog.apsh34.org\/?s={search_term_string}\"},\"query-input\":{\"@type\":\"PropertyValueSpecification\",\"valueRequired\":true,\"valueName\":\"search_term_string\"}}],\"inLanguage\":\"fr-FR\"},{\"@type\":\"Organization\",\"@id\":\"https:\/\/eccleblog.apsh34.org\/#organization\",\"name\":\"Blog du foyer de vie Camille Claudel - APSH34\",\"url\":\"https:\/\/eccleblog.apsh34.org\/\",\"logo\":{\"@type\":\"ImageObject\",\"inLanguage\":\"fr-FR\",\"@id\":\"https:\/\/eccleblog.apsh34.org\/#\/schema\/logo\/image\/\",\"url\":\"https:\/\/eccleblog.apsh34.org\/wp-content\/uploads\/2025\/01\/cropped-Icone-apsh-1.png\",\"contentUrl\":\"https:\/\/eccleblog.apsh34.org\/wp-content\/uploads\/2025\/01\/cropped-Icone-apsh-1.png\",\"width\":512,\"height\":512,\"caption\":\"Blog du foyer de vie Camille Claudel - APSH34\"},\"image\":{\"@id\":\"https:\/\/eccleblog.apsh34.org\/#\/schema\/logo\/image\/\"},\"sameAs\":[\"https:\/\/www.facebook.com\/apsh34\",\"https:\/\/www.linkedin.com\/company\/apsh34\/\",\"https:\/\/www.instagram.com\/apsh34_association\/\",\"https:\/\/www.youtube.com\/@apsh34\"]}]}<\/script>\n<!-- \/ Yoast SEO plugin. -->","yoast_head_json":{"title":"Spectacle Com\u00e9die Musicale - Blog du foyer de vie Camille Claudel","robots":{"index":"index","follow":"follow","max-snippet":"max-snippet:-1","max-image-preview":"max-image-preview:large","max-video-preview":"max-video-preview:-1"},"canonical":"https:\/\/eccleblog.apsh34.org\/index.php\/agenda\/spectacle-comedie-musicale\/","og_locale":"fr_FR","og_type":"article","og_title":"Spectacle Com\u00e9die Musicale - Blog du foyer de vie Camille Claudel","og_description":"&nbsp; Ev\u00e9nement ouvert aux proches et aux partenaires du P\u00f4le Ressource","og_url":"https:\/\/eccleblog.apsh34.org\/index.php\/agenda\/spectacle-comedie-musicale\/","og_site_name":"Blog du foyer de vie Camille Claudel","article_publisher":"https:\/\/www.facebook.com\/apsh34","article_modified_time":"2025-05-15T13:37:40+00:00","og_image":[{"width":1024,"height":1024,"url":"https:\/\/eccleblog.apsh34.org\/wp-content\/uploads\/2025\/05\/1-1-1024x1024.png","type":"image\/png"}],"twitter_card":"summary_large_image","twitter_misc":{"Dur\u00e9e de lecture estim\u00e9e":"1 minute"},"schema":{"@context":"https:\/\/schema.org","@graph":[{"@type":"WebPage","@id":"https:\/\/eccleblog.apsh34.org\/index.php\/agenda\/spectacle-comedie-musicale\/","url":"https:\/\/eccleblog.apsh34.org\/index.php\/agenda\/spectacle-comedie-musicale\/","name":"Spectacle Com\u00e9die Musicale - Blog du foyer de vie Camille Claudel","isPartOf":{"@id":"https:\/\/eccleblog.apsh34.org\/#website"},"primaryImageOfPage":{"@id":"https:\/\/eccleblog.apsh34.org\/index.php\/agenda\/spectacle-comedie-musicale\/#primaryimage"},"image":{"@id":"https:\/\/eccleblog.apsh34.org\/index.php\/agenda\/spectacle-comedie-musicale\/#primaryimage"},"thumbnailUrl":"https:\/\/eccleblog.apsh34.org\/wp-content\/uploads\/2025\/05\/1-1-300x300.png","datePublished":"2025-05-15T13:36:12+00:00","dateModified":"2025-05-15T13:37:40+00:00","breadcrumb":{"@id":"https:\/\/eccleblog.apsh34.org\/index.php\/agenda\/spectacle-comedie-musicale\/#breadcrumb"},"inLanguage":"fr-FR","potentialAction":[{"@type":"ReadAction","target":["https:\/\/eccleblog.apsh34.org\/index.php\/agenda\/spectacle-comedie-musicale\/"]}]},{"@type":"ImageObject","inLanguage":"fr-FR","@id":"https:\/\/eccleblog.apsh34.org\/index.php\/agenda\/spectacle-comedie-musicale\/#primaryimage","url":"https:\/\/eccleblog.apsh34.org\/wp-content\/uploads\/2025\/05\/1-1.png","contentUrl":"https:\/\/eccleblog.apsh34.org\/wp-content\/uploads\/2025\/05\/1-1.png","width":1654,"height":1654},{"@type":"BreadcrumbList","@id":"https:\/\/eccleblog.apsh34.org\/index.php\/agenda\/spectacle-comedie-musicale\/#breadcrumb","itemListElement":[{"@type":"ListItem","position":1,"name":"Accueil","item":"https:\/\/eccleblog.apsh34.org\/"},{"@type":"ListItem","position":2,"name":"\u00c9v\u00e8nements","item":"https:\/\/eccleblog.apsh34.org\/index.php\/agenda\/"},{"@type":"ListItem","position":3,"name":"Spectacle Com\u00e9die Musicale"}]},{"@type":"WebSite","@id":"https:\/\/eccleblog.apsh34.org\/#website","url":"https:\/\/eccleblog.apsh34.org\/","name":"Blog du foyer de vie Camille Claudel - APSH34","description":"Les couleurs de nos vies","publisher":{"@id":"https:\/\/eccleblog.apsh34.org\/#organization"},"potentialAction":[{"@type":"SearchAction","target":{"@type":"EntryPoint","urlTemplate":"https:\/\/eccleblog.apsh34.org\/?s={search_term_string}"},"query-input":{"@type":"PropertyValueSpecification","valueRequired":true,"valueName":"search_term_string"}}],"inLanguage":"fr-FR"},{"@type":"Organization","@id":"https:\/\/eccleblog.apsh34.org\/#organization","name":"Blog du foyer de vie Camille Claudel - APSH34","url":"https:\/\/eccleblog.apsh34.org\/","logo":{"@type":"ImageObject","inLanguage":"fr-FR","@id":"https:\/\/eccleblog.apsh34.org\/#\/schema\/logo\/image\/","url":"https:\/\/eccleblog.apsh34.org\/wp-content\/uploads\/2025\/01\/cropped-Icone-apsh-1.png","contentUrl":"https:\/\/eccleblog.apsh34.org\/wp-content\/uploads\/2025\/01\/cropped-Icone-apsh-1.png","width":512,"height":512,"caption":"Blog du foyer de vie Camille Claudel - APSH34"},"image":{"@id":"https:\/\/eccleblog.apsh34.org\/#\/schema\/logo\/image\/"},"sameAs":["https:\/\/www.facebook.com\/apsh34","https:\/\/www.linkedin.com\/company\/apsh34\/","https:\/\/www.instagram.com\/apsh34_association\/","https:\/\/www.youtube.com\/@apsh34"]}]}},"_links":{"self":[{"href":"https:\/\/eccleblog.apsh34.org\/index.php\/wp-json\/wp\/v2\/tribe_events\/543","targetHints":{"allow":["GET"]}}],"collection":[{"href":"https:\/\/eccleblog.apsh34.org\/index.php\/wp-json\/wp\/v2\/tribe_events"}],"about":[{"href":"https:\/\/eccleblog.apsh34.org\/index.php\/wp-json\/wp\/v2\/types\/tribe_events"}],"author":[{"embeddable":true,"href":"https:\/\/eccleblog.apsh34.org\/index.php\/wp-json\/wp\/v2\/users\/5"}],"version-history":[{"count":2,"href":"https:\/\/eccleblog.apsh34.org\/index.php\/wp-json\/wp\/v2\/tribe_events\/543\/revisions"}],"predecessor-version":[{"id":568,"href":"https:\/\/eccleblog.apsh34.org\/index.php\/wp-json\/wp\/v2\/tribe_events\/543\/revisions\/568"}],"wp:attachment":[{"href":"https:\/\/eccleblog.apsh34.org\/index.php\/wp-json\/wp\/v2\/media?parent=543"}],"wp:term":[{"taxonomy":"post_tag","embeddable":true,"href":"https:\/\/eccleblog.apsh34.org\/index.php\/wp-json\/wp\/v2\/tags?post=543"},{"taxonomy":"tribe_events_cat","embeddable":true,"href":"https:\/\/eccleblog.apsh34.org\/index.php\/wp-json\/wp\/v2\/tribe_events_cat?post=543"}],"curies":[{"name":"wp","href":"https:\/\/api.w.org\/{rel}","templated":true}]}}