{"id":561,"date":"2025-05-15T15:36:49","date_gmt":"2025-05-15T13:36:49","guid":{"rendered":"https:\/\/eccleblog.apsh34.org\/?post_type=tribe_events&#038;p=561"},"modified":"2025-05-15T15:36:49","modified_gmt":"2025-05-15T13:36:49","slug":"representation-danse-voltige","status":"publish","type":"tribe_events","link":"https:\/\/eccleblog.apsh34.org\/index.php\/agenda\/representation-danse-voltige\/","title":{"rendered":"Repr\u00e9sentation Danse Voltige"},"content":{"rendered":"<p>Seules les familles des participants \u00e0 l&rsquo;activit\u00e9 Danse Voltige sont convi\u00e9es \u00e0 cet \u00e9v\u00e9nement.<\/p>\n<p><img loading=\"lazy\" decoding=\"async\" class=\"alignnone size-medium wp-image-548\" src=\"https:\/\/eccleblog.apsh34.org\/wp-content\/uploads\/2025\/05\/invitation-danse-voltige-300x300.png\" alt=\"\" width=\"300\" height=\"300\" srcset=\"https:\/\/eccleblog.apsh34.org\/wp-content\/uploads\/2025\/05\/invitation-danse-voltige-300x300.png 300w, https:\/\/eccleblog.apsh34.org\/wp-content\/uploads\/2025\/05\/invitation-danse-voltige-1024x1024.png 1024w, https:\/\/eccleblog.apsh34.org\/wp-content\/uploads\/2025\/05\/invitation-danse-voltige-150x150.png 150w, https:\/\/eccleblog.apsh34.org\/wp-content\/uploads\/2025\/05\/invitation-danse-voltige-768x768.png 768w, https:\/\/eccleblog.apsh34.org\/wp-content\/uploads\/2025\/05\/invitation-danse-voltige-1536x1536.png 1536w, https:\/\/eccleblog.apsh34.org\/wp-content\/uploads\/2025\/05\/invitation-danse-voltige-1200x1200.png 1200w, https:\/\/eccleblog.apsh34.org\/wp-content\/uploads\/2025\/05\/invitation-danse-voltige-800x800.png 800w, https:\/\/eccleblog.apsh34.org\/wp-content\/uploads\/2025\/05\/invitation-danse-voltige-600x600.png 600w, https:\/\/eccleblog.apsh34.org\/wp-content\/uploads\/2025\/05\/invitation-danse-voltige-400x400.png 400w, https:\/\/eccleblog.apsh34.org\/wp-content\/uploads\/2025\/05\/invitation-danse-voltige-200x200.png 200w, https:\/\/eccleblog.apsh34.org\/wp-content\/uploads\/2025\/05\/invitation-danse-voltige.png 1654w\" sizes=\"auto, (max-width: 300px) 100vw, 300px\" \/><\/p>\n","protected":false},"excerpt":{"rendered":"<p>Seules les familles des participants \u00e0 l&rsquo;activit\u00e9 Danse Voltige sont convi\u00e9es \u00e0 cet \u00e9v\u00e9nement.<\/p>\n","protected":false},"author":5,"featured_media":0,"template":"","meta":{"_EventAllDay":false,"_EventTimezone":"Europe\/Paris","_EventStartDate":"2025-06-11 10:30:00","_EventEndDate":"2025-06-11 12:00:00","_EventStartDateUTC":"2025-06-11 08:30:00","_EventEndDateUTC":"2025-06-11 10:00:00","_EventShowMap":false,"_EventShowMapLink":false,"_EventURL":"","_EventCost":"","_EventCostDescription":"","_EventCurrencySymbol":"\u20ac","_EventCurrencyCode":"EUR","_EventCurrencyPosition":"prefix","_EventDateTimeSeparator":"","_EventTimeRangeSeparator":"","_EventOrganizerID":[],"_EventVenueID":[],"_OrganizerEmail":"","_OrganizerPhone":"","_OrganizerWebsite":"","_VenueAddress":"","_VenueCity":"","_VenueCountry":"","_VenueProvince":"","_VenueState":"","_VenueZip":"","_VenuePhone":"","_VenueURL":"","_VenueStateProvince":"","_VenueLat":"","_VenueLng":"","_VenueShowMap":false,"_VenueShowMapLink":false,"_tribe_events_status":"","_tribe_events_status_reason":"","footnotes":""},"tags":[],"tribe_events_cat":[],"class_list":["post-561","tribe_events","type-tribe_events","status-publish","hentry"],"yoast_head":"<!-- This site is optimized with the Yoast SEO plugin v25.0 - https:\/\/yoast.com\/wordpress\/plugins\/seo\/ -->\n<title>Repr\u00e9sentation Danse Voltige - Blog du foyer de vie Camille Claudel<\/title>\n<meta name=\"robots\" content=\"index, follow, max-snippet:-1, max-image-preview:large, max-video-preview:-1\" \/>\n<link rel=\"canonical\" href=\"https:\/\/eccleblog.apsh34.org\/index.php\/agenda\/representation-danse-voltige\/\" \/>\n<meta property=\"og:locale\" content=\"fr_FR\" \/>\n<meta property=\"og:type\" content=\"article\" \/>\n<meta property=\"og:title\" content=\"Repr\u00e9sentation Danse Voltige - Blog du foyer de vie Camille Claudel\" \/>\n<meta property=\"og:description\" content=\"Seules les familles des participants \u00e0 l&rsquo;activit\u00e9 Danse Voltige sont convi\u00e9es \u00e0 cet \u00e9v\u00e9nement.\" \/>\n<meta property=\"og:url\" content=\"https:\/\/eccleblog.apsh34.org\/index.php\/agenda\/representation-danse-voltige\/\" \/>\n<meta property=\"og:site_name\" content=\"Blog du foyer de vie Camille Claudel\" \/>\n<meta property=\"article:publisher\" content=\"https:\/\/www.facebook.com\/apsh34\" \/>\n<meta property=\"og:image\" content=\"https:\/\/eccleblog.apsh34.org\/wp-content\/uploads\/2025\/05\/invitation-danse-voltige-1024x1024.png\" \/>\n\t<meta property=\"og:image:width\" content=\"1024\" \/>\n\t<meta property=\"og:image:height\" content=\"1024\" \/>\n\t<meta property=\"og:image:type\" content=\"image\/png\" \/>\n<meta name=\"twitter:card\" content=\"summary_large_image\" \/>\n<meta name=\"twitter:label1\" content=\"Dur\u00e9e de lecture estim\u00e9e\" \/>\n\t<meta name=\"twitter:data1\" content=\"1 minute\" \/>\n<script type=\"application\/ld+json\" class=\"yoast-schema-graph\">{\"@context\":\"https:\/\/schema.org\",\"@graph\":[{\"@type\":\"WebPage\",\"@id\":\"https:\/\/eccleblog.apsh34.org\/index.php\/agenda\/representation-danse-voltige\/\",\"url\":\"https:\/\/eccleblog.apsh34.org\/index.php\/agenda\/representation-danse-voltige\/\",\"name\":\"Repr\u00e9sentation Danse Voltige - Blog du foyer de vie Camille Claudel\",\"isPartOf\":{\"@id\":\"https:\/\/eccleblog.apsh34.org\/#website\"},\"primaryImageOfPage\":{\"@id\":\"https:\/\/eccleblog.apsh34.org\/index.php\/agenda\/representation-danse-voltige\/#primaryimage\"},\"image\":{\"@id\":\"https:\/\/eccleblog.apsh34.org\/index.php\/agenda\/representation-danse-voltige\/#primaryimage\"},\"thumbnailUrl\":\"https:\/\/eccleblog.apsh34.org\/wp-content\/uploads\/2025\/05\/invitation-danse-voltige-300x300.png\",\"datePublished\":\"2025-05-15T13:36:49+00:00\",\"breadcrumb\":{\"@id\":\"https:\/\/eccleblog.apsh34.org\/index.php\/agenda\/representation-danse-voltige\/#breadcrumb\"},\"inLanguage\":\"fr-FR\",\"potentialAction\":[{\"@type\":\"ReadAction\",\"target\":[\"https:\/\/eccleblog.apsh34.org\/index.php\/agenda\/representation-danse-voltige\/\"]}]},{\"@type\":\"ImageObject\",\"inLanguage\":\"fr-FR\",\"@id\":\"https:\/\/eccleblog.apsh34.org\/index.php\/agenda\/representation-danse-voltige\/#primaryimage\",\"url\":\"https:\/\/eccleblog.apsh34.org\/wp-content\/uploads\/2025\/05\/invitation-danse-voltige.png\",\"contentUrl\":\"https:\/\/eccleblog.apsh34.org\/wp-content\/uploads\/2025\/05\/invitation-danse-voltige.png\",\"width\":1654,\"height\":1654},{\"@type\":\"BreadcrumbList\",\"@id\":\"https:\/\/eccleblog.apsh34.org\/index.php\/agenda\/representation-danse-voltige\/#breadcrumb\",\"itemListElement\":[{\"@type\":\"ListItem\",\"position\":1,\"name\":\"Accueil\",\"item\":\"https:\/\/eccleblog.apsh34.org\/\"},{\"@type\":\"ListItem\",\"position\":2,\"name\":\"\u00c9v\u00e8nements\",\"item\":\"https:\/\/eccleblog.apsh34.org\/index.php\/agenda\/\"},{\"@type\":\"ListItem\",\"position\":3,\"name\":\"Repr\u00e9sentation Danse Voltige\"}]},{\"@type\":\"WebSite\",\"@id\":\"https:\/\/eccleblog.apsh34.org\/#website\",\"url\":\"https:\/\/eccleblog.apsh34.org\/\",\"name\":\"Blog du foyer de vie Camille Claudel - APSH34\",\"description\":\"Les couleurs de nos vies\",\"publisher\":{\"@id\":\"https:\/\/eccleblog.apsh34.org\/#organization\"},\"potentialAction\":[{\"@type\":\"SearchAction\",\"target\":{\"@type\":\"EntryPoint\",\"urlTemplate\":\"https:\/\/eccleblog.apsh34.org\/?s={search_term_string}\"},\"query-input\":{\"@type\":\"PropertyValueSpecification\",\"valueRequired\":true,\"valueName\":\"search_term_string\"}}],\"inLanguage\":\"fr-FR\"},{\"@type\":\"Organization\",\"@id\":\"https:\/\/eccleblog.apsh34.org\/#organization\",\"name\":\"Blog du foyer de vie Camille Claudel - APSH34\",\"url\":\"https:\/\/eccleblog.apsh34.org\/\",\"logo\":{\"@type\":\"ImageObject\",\"inLanguage\":\"fr-FR\",\"@id\":\"https:\/\/eccleblog.apsh34.org\/#\/schema\/logo\/image\/\",\"url\":\"https:\/\/eccleblog.apsh34.org\/wp-content\/uploads\/2025\/01\/cropped-Icone-apsh-1.png\",\"contentUrl\":\"https:\/\/eccleblog.apsh34.org\/wp-content\/uploads\/2025\/01\/cropped-Icone-apsh-1.png\",\"width\":512,\"height\":512,\"caption\":\"Blog du foyer de vie Camille Claudel - APSH34\"},\"image\":{\"@id\":\"https:\/\/eccleblog.apsh34.org\/#\/schema\/logo\/image\/\"},\"sameAs\":[\"https:\/\/www.facebook.com\/apsh34\",\"https:\/\/www.linkedin.com\/company\/apsh34\/\",\"https:\/\/www.instagram.com\/apsh34_association\/\",\"https:\/\/www.youtube.com\/@apsh34\"]}]}<\/script>\n<!-- \/ Yoast SEO plugin. -->","yoast_head_json":{"title":"Repr\u00e9sentation Danse Voltige - Blog du foyer de vie Camille Claudel","robots":{"index":"index","follow":"follow","max-snippet":"max-snippet:-1","max-image-preview":"max-image-preview:large","max-video-preview":"max-video-preview:-1"},"canonical":"https:\/\/eccleblog.apsh34.org\/index.php\/agenda\/representation-danse-voltige\/","og_locale":"fr_FR","og_type":"article","og_title":"Repr\u00e9sentation Danse Voltige - Blog du foyer de vie Camille Claudel","og_description":"Seules les familles des participants \u00e0 l&rsquo;activit\u00e9 Danse Voltige sont convi\u00e9es \u00e0 cet \u00e9v\u00e9nement.","og_url":"https:\/\/eccleblog.apsh34.org\/index.php\/agenda\/representation-danse-voltige\/","og_site_name":"Blog du foyer de vie Camille Claudel","article_publisher":"https:\/\/www.facebook.com\/apsh34","og_image":[{"width":1024,"height":1024,"url":"https:\/\/eccleblog.apsh34.org\/wp-content\/uploads\/2025\/05\/invitation-danse-voltige-1024x1024.png","type":"image\/png"}],"twitter_card":"summary_large_image","twitter_misc":{"Dur\u00e9e de lecture estim\u00e9e":"1 minute"},"schema":{"@context":"https:\/\/schema.org","@graph":[{"@type":"WebPage","@id":"https:\/\/eccleblog.apsh34.org\/index.php\/agenda\/representation-danse-voltige\/","url":"https:\/\/eccleblog.apsh34.org\/index.php\/agenda\/representation-danse-voltige\/","name":"Repr\u00e9sentation Danse Voltige - Blog du foyer de vie Camille Claudel","isPartOf":{"@id":"https:\/\/eccleblog.apsh34.org\/#website"},"primaryImageOfPage":{"@id":"https:\/\/eccleblog.apsh34.org\/index.php\/agenda\/representation-danse-voltige\/#primaryimage"},"image":{"@id":"https:\/\/eccleblog.apsh34.org\/index.php\/agenda\/representation-danse-voltige\/#primaryimage"},"thumbnailUrl":"https:\/\/eccleblog.apsh34.org\/wp-content\/uploads\/2025\/05\/invitation-danse-voltige-300x300.png","datePublished":"2025-05-15T13:36:49+00:00","breadcrumb":{"@id":"https:\/\/eccleblog.apsh34.org\/index.php\/agenda\/representation-danse-voltige\/#breadcrumb"},"inLanguage":"fr-FR","potentialAction":[{"@type":"ReadAction","target":["https:\/\/eccleblog.apsh34.org\/index.php\/agenda\/representation-danse-voltige\/"]}]},{"@type":"ImageObject","inLanguage":"fr-FR","@id":"https:\/\/eccleblog.apsh34.org\/index.php\/agenda\/representation-danse-voltige\/#primaryimage","url":"https:\/\/eccleblog.apsh34.org\/wp-content\/uploads\/2025\/05\/invitation-danse-voltige.png","contentUrl":"https:\/\/eccleblog.apsh34.org\/wp-content\/uploads\/2025\/05\/invitation-danse-voltige.png","width":1654,"height":1654},{"@type":"BreadcrumbList","@id":"https:\/\/eccleblog.apsh34.org\/index.php\/agenda\/representation-danse-voltige\/#breadcrumb","itemListElement":[{"@type":"ListItem","position":1,"name":"Accueil","item":"https:\/\/eccleblog.apsh34.org\/"},{"@type":"ListItem","position":2,"name":"\u00c9v\u00e8nements","item":"https:\/\/eccleblog.apsh34.org\/index.php\/agenda\/"},{"@type":"ListItem","position":3,"name":"Repr\u00e9sentation Danse Voltige"}]},{"@type":"WebSite","@id":"https:\/\/eccleblog.apsh34.org\/#website","url":"https:\/\/eccleblog.apsh34.org\/","name":"Blog du foyer de vie Camille Claudel - APSH34","description":"Les couleurs de nos vies","publisher":{"@id":"https:\/\/eccleblog.apsh34.org\/#organization"},"potentialAction":[{"@type":"SearchAction","target":{"@type":"EntryPoint","urlTemplate":"https:\/\/eccleblog.apsh34.org\/?s={search_term_string}"},"query-input":{"@type":"PropertyValueSpecification","valueRequired":true,"valueName":"search_term_string"}}],"inLanguage":"fr-FR"},{"@type":"Organization","@id":"https:\/\/eccleblog.apsh34.org\/#organization","name":"Blog du foyer de vie Camille Claudel - APSH34","url":"https:\/\/eccleblog.apsh34.org\/","logo":{"@type":"ImageObject","inLanguage":"fr-FR","@id":"https:\/\/eccleblog.apsh34.org\/#\/schema\/logo\/image\/","url":"https:\/\/eccleblog.apsh34.org\/wp-content\/uploads\/2025\/01\/cropped-Icone-apsh-1.png","contentUrl":"https:\/\/eccleblog.apsh34.org\/wp-content\/uploads\/2025\/01\/cropped-Icone-apsh-1.png","width":512,"height":512,"caption":"Blog du foyer de vie Camille Claudel - APSH34"},"image":{"@id":"https:\/\/eccleblog.apsh34.org\/#\/schema\/logo\/image\/"},"sameAs":["https:\/\/www.facebook.com\/apsh34","https:\/\/www.linkedin.com\/company\/apsh34\/","https:\/\/www.instagram.com\/apsh34_association\/","https:\/\/www.youtube.com\/@apsh34"]}]}},"_links":{"self":[{"href":"https:\/\/eccleblog.apsh34.org\/index.php\/wp-json\/wp\/v2\/tribe_events\/561","targetHints":{"allow":["GET"]}}],"collection":[{"href":"https:\/\/eccleblog.apsh34.org\/index.php\/wp-json\/wp\/v2\/tribe_events"}],"about":[{"href":"https:\/\/eccleblog.apsh34.org\/index.php\/wp-json\/wp\/v2\/types\/tribe_events"}],"author":[{"embeddable":true,"href":"https:\/\/eccleblog.apsh34.org\/index.php\/wp-json\/wp\/v2\/users\/5"}],"version-history":[{"count":4,"href":"https:\/\/eccleblog.apsh34.org\/index.php\/wp-json\/wp\/v2\/tribe_events\/561\/revisions"}],"predecessor-version":[{"id":567,"href":"https:\/\/eccleblog.apsh34.org\/index.php\/wp-json\/wp\/v2\/tribe_events\/561\/revisions\/567"}],"wp:attachment":[{"href":"https:\/\/eccleblog.apsh34.org\/index.php\/wp-json\/wp\/v2\/media?parent=561"}],"wp:term":[{"taxonomy":"post_tag","embeddable":true,"href":"https:\/\/eccleblog.apsh34.org\/index.php\/wp-json\/wp\/v2\/tags?post=561"},{"taxonomy":"tribe_events_cat","embeddable":true,"href":"https:\/\/eccleblog.apsh34.org\/index.php\/wp-json\/wp\/v2\/tribe_events_cat?post=561"}],"curies":[{"name":"wp","href":"https:\/\/api.w.org\/{rel}","templated":true}]}}